{"id":4449,"date":"2024-01-23T15:40:12","date_gmt":"2024-01-23T13:40:12","guid":{"rendered":"http:\/\/mynovamind.com\/?post_type=tribe_events&#038;p=4449"},"modified":"2026-04-10T10:06:14","modified_gmt":"2026-04-10T08:06:14","slug":"mesterseges-intelligencia-az-oktatasban-60-oras-akkreditalt-tovabbkepzes","status":"publish","type":"tribe_events","link":"https:\/\/mynovamind.com\/hu\/event\/mesterseges-intelligencia-az-oktatasban-60-oras-akkreditalt-tovabbkepzes\/","title":{"rendered":"Mesters\u00e9ges Intelligencia az oktat\u00e1sban (60 \u00f3r\u00e1s akkredit\u00e1lt pedag\u00f3gus-tov\u00e1bbk\u00e9pz\u00e9s) R\u00e9szletre is!"},"content":{"rendered":"<p>&lt;<\/p>\n<div style=\"font-family: 'Arial', sans-serif; line-height: 1.6; color: #2d2e7f; max-width: 900px; margin: 0 auto; padding: 20px;\">\n<p><!-- Fejl\u00e9c --><\/p>\n<div style=\"text-align: center; margin-bottom: 30px;\">\n<h1 style=\"color: #c72122; font-size: 36px; font-weight: bold;\">L\u00c9PJ BE AZ MI VIL\u00c1G\u00c1BA!<\/h1>\n<h2 style=\"font-size: 28px; color: #2d2e7f; font-weight: bold;\">Hogyan seg\u00edtheti az MI az oktat\u00f3-nevel\u0151 munk\u00e1t?<\/h2>\n<\/div>\n<p><!-- Bevezet\u0151 --><\/p>\n<p style=\"font-size: 18px; color: #2d2e7f; margin-bottom: 20px;\">A mesters\u00e9ges intelligencia (MI) nem a j\u00f6v\u0151, hanem a jelen eszk\u00f6ze, amely jelent\u0151sen megk\u00f6nny\u00edtheti a pedag\u00f3gusok mindennapjait. A tan\u00edt\u00e1si gyakorlatban az MI alkalmaz\u00e1sa nemcsak a hat\u00e9konys\u00e1got n\u00f6veli, hanem \u00faj, kreat\u00edv megold\u00e1sokkal gazdag\u00edtja az \u00f3ratervez\u00e9st, a tanul\u00f3k motiv\u00e1l\u00e1s\u00e1t \u00e9s a differenci\u00e1lt oktat\u00e1st.<\/p>\n<p><!-- Mi\u00e9rt \u00e9rdemes r\u00e9szt venni --><\/p>\n<h2 style=\"color: #c72122; font-size: 24px; font-weight: bold;\">Mi\u00e9rt \u00e9rdemes r\u00e9szt venni a tov\u00e1bbk\u00e9pz\u00e9sen?<\/h2>\n<ul style=\"list-style-type: none; padding: 0; color: #2d2e7f;\">\n<li style=\"margin-bottom: 15px;\"><strong style=\"color: #e9c873; background-color: #2d2e7f; padding: 5px 10px; border-radius: 5px;\">1. Gyakorlati tud\u00e1s azonnali hasznos\u00edt\u00e1sra:<\/strong><br \/>\nAzonnal alkalmazhat\u00f3 m\u00f3dszereket saj\u00e1t\u00edthatsz el, amelyek k\u00f6nnyen bevezethet\u0151k a tan\u00edt\u00e1si gyakorlatban.<\/li>\n<li style=\"margin-bottom: 15px;\"><strong style=\"color: #e9c873; background-color: #2d2e7f; padding: 5px 10px; border-radius: 5px;\">2. Id\u0151takar\u00e9koss\u00e1g \u00e9s hat\u00e9konys\u00e1g:<\/strong><br \/>\nAz MI seg\u00edt az ism\u00e9tl\u0151d\u0151 adminisztrat\u00edv feladatok automatiz\u00e1l\u00e1s\u00e1ban, p\u00e9ld\u00e1ul dolgozatok gyors jav\u00edt\u00e1s\u00e1ban.<\/li>\n<li style=\"margin-bottom: 15px;\"><strong style=\"color: #e9c873; background-color: #2d2e7f; padding: 5px 10px; border-radius: 5px;\">3. Szem\u00e9lyre szabott tanul\u00e1si lehet\u0151s\u00e9gek:<\/strong><br \/>\nAz MI lehet\u0151v\u00e9 teszi a tananyagok egy\u00e9ni tanul\u00e1si ig\u00e9nyekhez igaz\u00edt\u00e1s\u00e1t, \u00edgy minden tanul\u00f3 a saj\u00e1t temp\u00f3j\u00e1ban haladhat.<\/li>\n<\/ul>\n<p><!-- Kontakt \u00f3r\u00e1k --><\/p>\n<h2 style=\"color: #2d2e7f; font-size: 24px; font-weight: bold;\">Kontakt \u00f3r\u00e1k (online):<\/h2>\n<p style=\"font-size: 18px; color: #2d2e7f; margin-bottom: 5px;\">2026. m\u00e1rcius 6.. 15:30-19:00<\/p>\n<p style=\"font-size: 18px; color: #2d2e7f; margin-bottom: 5px;\">2026. m\u00e1rcius 7. 9:00-17:00<\/p>\n<p style=\"font-size: 18px; color: #2d2e7f; margin-bottom: 5px;\">2026.m\u00e1rcius 20. 15:30-19:00<\/p>\n<p style=\"font-size: 18px; color: #2d2e7f; margin-bottom: 20px;\">Kurzus z\u00e1r\u00e1sa: 2026. j\u00fanius 25.<br \/>\nTan\u00fas\u00edtv\u00e1ny kiad\u00e1sa: 2026. j\u00falius 10-ig<\/p>\n<p><strong>ILLETVE:\u00a0<\/strong><br \/>\n<strong>2026. \u00e1prilis 23. 15:30-19:00<\/strong><\/p>\n<p><strong>2026. m\u00e1jus 9. 9:00-17:00 <\/strong><\/p>\n<p><strong>2026. m\u00e1jus<\/strong><strong> 15. 15:30- 19:00<\/strong><\/p>\n<p><strong>Kurzus z\u00e1r\u00e1sa: 2026. j\u00falius 15.<\/strong><br \/>\n<strong>Tan\u00fas\u00edtv\u00e1ny kiad\u00e1sa: 2026. augusztus 15-ig<\/strong><\/p>\n<p><!-- Ez a k\u00e9pz\u00e9s neked sz\u00f3l --><\/p>\n<h3 style=\"color: #c72122; font-size: 20px; font-weight: bold;\">Ez a k\u00e9pz\u00e9s neked sz\u00f3l, ha:<\/h3>\n<ul style=\"list-style-type: disc; margin-left: 20px; font-size: 18px; color: #2d2e7f; margin-bottom: 20px;\">\n<li>naprak\u00e9sz tud\u00e1st szeretn\u00e9l,<\/li>\n<li>szeretn\u00e9d ler\u00f6vid\u00edteni a k\u00e9sz\u00fcl\u00e9si id\u0151t,<\/li>\n<li>\u00e9rdekelnek az \u00faj technol\u00f3gi\u00e1k,<\/li>\n<li>kreat\u00edv megold\u00e1sokra v\u00e1gysz,<\/li>\n<li>nem akarsz lemaradni a digit\u00e1lis \u00e1talakul\u00e1sban,<\/li>\n<li>m\u00e9g hiszel abban, hogy munk\u00e1ddal v\u00e1ltoz\u00e1st \u00e9rhetsz el.<\/li>\n<\/ul>\n<p><!-- Int\u00e9zm\u00e9nyt\u00edpusok --><\/p>\n<h4 style=\"color: #2d2e7f; font-size: 20px; font-weight: bold;\">Az al\u00e1bbi int\u00e9zm\u00e9nyt\u00edpusokban tan\u00edt\u00f3 koll\u00e9g\u00e1kat v\u00e1rjuk:<\/h4>\n<ul style=\"list-style-type: disc; margin-left: 20px; font-size: 18px; color: #2d2e7f; margin-bottom: 20px;\">\n<li>\u00e1ltal\u00e1nos iskola<\/li>\n<li>gimn\u00e1zium<\/li>\n<li>kieg\u00e9sz\u00edt\u0151 nemzetis\u00e9gi nyelvoktat\u00f3 iskola<\/li>\n<li>koll\u00e9gium,<\/li>\n<li>m\u00fazeum (m\u00fazeumpedag\u00f3gus),<\/li>\n<li>k\u00f6nyvt\u00e1r (k\u00f6nyvt\u00e1ros)<\/li>\n<li>b\u00e1rmilyen kultur\u00e1lis int\u00e9zm\u00e9nyben dolgoz\u00f3 di\u00e1kokkal is foglalkoz\u00f3 szakember<\/li>\n<\/ul>\n<p><!-- R\u00e9szv\u00e9teli d\u00edjak --><\/p>\n<h2 style=\"color: #c72122; font-size: 24px; font-weight: bold;\">R\u00e9szv\u00e9teli d\u00edjak:<\/h2>\n<p style=\"font-size: 18px; color: #2d2e7f; margin-bottom: 20px;\">Teljes \u00e1r: <strong style=\"color: #e9c873; background-color: #2d2e7f; padding: 3px 6px; border-radius: 5px;\">69.400 Ft<\/strong><\/p>\n<h5 style=\"font-size: 18px; color: #2d2e7f; margin-bottom: 20px;\">Fizet\u00e9si \u00e9s jelentkez\u00e9si hat\u00e1rid\u0151: 2026. \u00e1prilis 18.<\/h5>\n<p>Feln\u0151ttk\u00e9pz\u00e9si szerz\u0151d\u00e9s visszak\u00fcld\u00e9s\u00e9nek id\u0151pontja:\u00a0 egy h\u00e9ttel a kezd\u00e9s el\u0151tt<\/p>\n<p><!-- Tov\u00e1bbi \u00f3r\u00e1k \u00e9s konzult\u00e1ci\u00f3 --><\/p>\n<h3 style=\"color: #2d2e7f; font-size: 20px; font-weight: bold;\">A kurzus teljes\u00edt\u00e9s\u00e9hez sz\u00fcks\u00e9ges tov\u00e1bbi \u00f3r\u00e1k:<\/h3>\n<p style=\"font-size: 18px; color: #2d2e7f; margin-bottom: 20px;\">A kurzus teljes\u00edt\u00e9s\u00e9hez sz\u00fcks\u00e9ges tov\u00e1bbi \u00f3r\u00e1k saj\u00e1t \u00fctem\u0171, \u00f6n\u00e1ll\u00f3 gyakorl\u00e1st \u00e9s feladatmegold\u00e1st ig\u00e9nyelnek.<\/p>\n<p style=\"font-size: 18px; color: #2d2e7f; margin-bottom: 20px;\">A kurzus sor\u00e1n k\u00e9rd\u00e9seidre a &#8220;K\u00e9rd\u00e9sek \u00e9s v\u00e1laszok&#8221; konzult\u00e1ci\u00f3s \u00f3r\u00e1kon seg\u00edts\u00e9get kapsz.<\/p>\n<p><!-- Jelentkez\u00e9s felt\u00e9telei --><\/p>\n<h4 style=\"color: #2d2e7f; font-size: 20px; font-weight: bold;\">A pedag\u00f3gus-tov\u00e1bbk\u00e9pz\u00e9sre val\u00f3 jelentkez\u00e9s felt\u00e9telei:<\/h4>\n<ul style=\"list-style-type: disc; margin-left: 20px; font-size: 18px; color: #2d2e7f; margin-bottom: 20px;\">\n<li>B\u00e1rmely pedag\u00f3gus, k\u00f6nyvt\u00e1ros, m\u00fazeol\u00f3gus szakk\u00e9pzetts\u00e9g<\/li>\n<li>3 \u00e9ves szakmai tapasztalat di\u00e1kok k\u00f6zt<\/li>\n<\/ul>\n<p><!-- Jelentkez\u00e9s gomb \u00e9s b\u0151vebb inf\u00f3 --><\/p>\n<div style=\"text-align: center; margin-top: 30px;\"><a style=\"background-color: #c72122; color: white; font-size: 18px; font-weight: bold; text-decoration: none; padding: 10px 20px; border-radius: 5px; margin-bottom: 20px; display: inline-block;\" href=\"https:\/\/docs.google.com\/forms\/d\/e\/1FAIpQLSe0k9htHogTVgTQ1Z7nXXIaqyD2xBnp4o4-2MpyAbnTZJDhXw\/viewform?usp=sharing&amp;ouid=116707333458412926046\"><br \/>\nJELENTKEZ\u00c9SI LAP<br \/>\n<\/a><\/p>\n<p style=\"font-size: 18px; color: #2d2e7f; margin-top: 10px;\">B\u0151vebb inform\u00e1ci\u00f3: <a style=\"color: #c72122; text-decoration: none;\" href=\"mailto:infomynovamind@gmail.com\">infomynovamind@gmail.com<\/a><\/p>\n<\/div>\n<p><!-- Tov\u00e1bbk\u00e9pz\u00e9si adatok --><\/p>\n<div style=\"margin-top: 30px; padding: 10px; border: 1px dashed #2d2e7f;\">\n<p style=\"font-size: 18px; color: #2d2e7f; margin-bottom: 5px;\"><strong>Az tov\u00e1bbk\u00e9pz\u00e9s nyilv\u00e1ntart\u00e1si enged\u00e9ly sz\u00e1ma:<\/strong> A\/1\/2024<\/p>\n<p style=\"font-size: 18px; color: #2d2e7f; margin-bottom: 5px;\"><strong>Az tov\u00e1bbk\u00e9pz\u00e9s nyilv\u00e1ntart\u00e1si enged\u00e9ly \u00e9rv\u00e9nyess\u00e9g\u00e9nek d\u00e1tuma:<\/strong> 2029. 01. 12.<\/p>\n<p style=\"font-size: 18px; color: #2d2e7f; margin-bottom: 5px;\"><strong>Tov\u00e1bbk\u00e9pz\u00e9s megnevez\u00e9se:<\/strong> Mesters\u00e9ges intelligencia az oktat\u00e1sban<\/p>\n<p style=\"font-size: 18px; color: #2d2e7f; margin-bottom: 5px;\"><strong>Feln\u0151ttk\u00e9pz\u00e9si nyilv\u00e1ntart\u00e1si sz\u00e1m:<\/strong> B\/2024\/000064<\/p>\n<p style=\"font-size: 18px; color: #2d2e7f; margin-bottom: 5px;\"><strong>A tan\u00f3rai foglalkoz\u00e1sok sz\u00e1ma:<\/strong> 60<\/p>\n<\/div>\n<details style=\"margin-top: 30px;\">\n<summary style=\"background-color: #c72122; color: white; font-size: 18px; font-weight: bold; padding: 10px 20px; border-radius: 5px; cursor: pointer; display: inline-block; list-style: none;\">R\u00e9szletes le\u00edr\u00e1s<\/summary>\n<div style=\"border: 1px solid #c72122; padding: 20px; margin-top: 20px; font-size: 18px; color: #2d2e7f; line-height: 1.6;\">\n<h3>F\u0151 tematikai egys\u00e9gek c\u00edmei:<\/h3>\n<ol>\n<li>Mit tudok?<\/li>\n<li>Mi a mesters\u00e9ges intelligencia?<\/li>\n<li>Sz\u00f6veggener\u00e1tor alkalmaz\u00e1sok<\/li>\n<li>K\u00e9pgener\u00e1torok<\/li>\n<li>Egy\u00e9b oktat\u00e1sban haszn\u00e1lhat\u00f3 MI alkalmaz\u00e1sok<\/li>\n<li>K\u00e9pess\u00e9gveszt\u00e9ssel j\u00e1r -e a technol\u00f3gia?<\/li>\n<li>Projekt \u00e9s \u00f3rav\u00e1zlat elemz\u00e9sek<\/li>\n<li>Saj\u00e1t projektem, \u00f3rav\u00e1zlatom<\/li>\n<li>MI szerepe a tehets\u00e9ggondoz\u00e1sban.<\/li>\n<li>A megv\u00e1ltozott \u00e9rt\u00e9kel\u00e9si lehet\u0151s\u00e9gek az MI-vel kapcsolatban<\/li>\n<li>A tanfolyam \u00f6sszefoglal\u00e1sa<\/li>\n<\/ol>\n<h3>Tov\u00e1bbk\u00e9pz\u00e9si program indokolts\u00e1ga r\u00f6vid tartalmi ismertet\u00e9se:<\/h3>\n<p>A mesters\u00e9ges intelligencia (tov\u00e1bbiakban: MI) folyamatosan fejl\u0151dik \u00e9s egyre nagyobb szerepet kap az oktat\u00e1sban, \u00edgy elengedhetetlen, hogy a pedag\u00f3gusok naprak\u00e9szek legyenek ezen a ter\u00fcleten.<br \/>\nA tov\u00e1bbk\u00e9pz\u00e9s lehet\u0151v\u00e9 teszi a pedag\u00f3gusok sz\u00e1m\u00e1ra, hogy megismerj\u00e9k \u00e9s hat\u00e9konyan alkalmazz\u00e1k az MI technol\u00f3gi\u00e1kat az oktat\u00e1sban, n\u00f6velve ezzel a tanul\u00e1si folyamat hat\u00e9konys\u00e1g\u00e1t \u00e9s interaktivit\u00e1s\u00e1t.<\/p>\n<h3>Tartalom:<\/h3>\n<p>A r\u00e9sztvev\u0151k megismerkednek az AI alapjaival, k\u00fcl\u00f6nb\u00f6z\u0151 AI platformokkal (ChatGPT, Leonardo, Bard, PULI, Naturalreaders, enciklopedai.hu, app.storiai.com), \u00e9s azok napi munk\u00e1ban val\u00f3 alkalmaz\u00e1s\u00e1val.<br \/>\nAz MI okozta tan\u00e1ri szerepek megv\u00e1ltoz\u00e1sa, az \u00faj \u00e9rt\u00e9kel\u00e9si lehet\u0151s\u00e9gek. Mit tehet\u00fcnk az ellen, hogy az MI k\u00e9pess\u00e9gveszt\u00e9ssel j\u00e1rjon, illetve milyen k\u00e9pess\u00e9geket tudunk vele fejleszteni \u00e9s hogyan? Mik\u00e9pp vezethet\u0151 be a tehets\u00e9ggondoz\u00e1sba?<\/p>\n<h3>A tov\u00e1bbk\u00e9pz\u00e9s c\u00e9lja:<\/h3>\n<ul>\n<li><strong>MI-alap\u00fa Oktat\u00e1si Technol\u00f3gi\u00e1k Meg\u00e9rt\u00e9se:<\/strong> A pedag\u00f3gusok megismerik az MI alapelveit, funkci\u00f3it \u00e9s az oktat\u00e1sban val\u00f3 alkalmaz\u00e1s\u00e1nak lehet\u0151s\u00e9geit. Ez mag\u00e1ban foglalja a k\u00fcl\u00f6nb\u00f6z\u0151 MI platformok \u00e9s eszk\u00f6z\u00f6k megismer\u00e9s\u00e9t \u00e9s haszn\u00e1lat\u00e1t, mint p\u00e9ld\u00e1ul a ChatGPT, Leonardo, Bard \u00e9s m\u00e1sok.<\/li>\n<li><strong>Kritikai Gondolkod\u00e1s \u00e9s D\u00f6nt\u00e9shozatal Fejleszt\u00e9se:<\/strong> A tov\u00e1bbk\u00e9pz\u00e9s c\u00e9lja a kritikai gondolkod\u00e1s \u00e9s d\u00f6nt\u00e9shozatali k\u00e9pess\u00e9gek fejleszt\u00e9se az MI k\u00f6rnyezet\u00e9ben, amely seg\u00edt a pedag\u00f3gusoknak jobban meg\u00e9rteni az MI hat\u00e1sait, etikai k\u00e9rd\u00e9seit \u00e9s t\u00e1rsadalmi k\u00f6vetkezm\u00e9nyeit.<\/li>\n<li><strong>MI Alkalmaz\u00e1s\u00e1nak Gyakorlati K\u00e9szs\u00e9gei:<\/strong> A pedag\u00f3gusok k\u00e9pesek lesznek gyakorlati k\u00e9szs\u00e9geket elsaj\u00e1t\u00edtani az MI alkalmaz\u00e1s\u00e1ban, mint p\u00e9ld\u00e1ul prompt\u00edr\u00e1s, probl\u00e9mamegold\u00e1s, \u00e9s az MI platformok hat\u00e9kony felhaszn\u00e1l\u00e1sa a tan\u00edt\u00e1si \u00e9s tanul\u00e1si folyamatban.<\/li>\n<li><strong>Kompetenci\u00e1k \u00e9s Auton\u00f3mia Fejleszt\u00e9se:<\/strong> A tov\u00e1bbk\u00e9pz\u00e9s c\u00e9lja, hogy t\u00e1mogassa a pedag\u00f3gusokat a kompetenci\u00e1k, attit\u0171d\u00f6k \u00e9s auton\u00f3mia fejleszt\u00e9s\u00e9ben, amely seg\u00edti \u0151ket abban, hogy hat\u00e9konyabban alkalmazkodjanak az MI \u00e1ltal \u00e1talak\u00edtott oktat\u00e1si k\u00f6rnyezethez.<\/li>\n<li><strong>J\u00f6v\u0151beli Oktat\u00e1si Trendek \u00e9s Kih\u00edv\u00e1sok Felk\u00e9sz\u00fcl\u00e9se:<\/strong> A tov\u00e1bbk\u00e9pz\u00e9s c\u00e9lja, hogy felk\u00e9sz\u00edtse a pedag\u00f3gusokat a j\u00f6v\u0151beli oktat\u00e1si trendekre \u00e9s kih\u00edv\u00e1sokra, k\u00fcl\u00f6n\u00f6s tekintettel az MI fejl\u0151d\u00e9s\u00e9re \u00e9s annak oktat\u00e1sban val\u00f3 alkalmaz\u00e1s\u00e1ra. A tov\u00e1bbk\u00e9pz\u00e9s kit\u00e9r az MI okozta megv\u00e1ltozott tan\u00e1ri szerepekre, illetve a tehets\u00e9ggondoz\u00e1si lehet\u0151s\u00e9gekre.<\/li>\n<\/ul>\n<\/div>\n<\/details>\n<div id=\"mnm-legal-accordion\"><\/div>\n<p><!-- IMPRESSZUM gomb --><\/p>\n<div style=\"text-align: center; margin-top: 30px;\"><button id=\"toggleImpresszum\" style=\"background-color: #2d2e7f; color: white; font-size: 18px; font-weight: bold; padding: 10px 20px; border-radius: 5px; border: none; cursor: pointer;\"><br \/>\nImpresszum<br \/>\n<\/button><\/div>\n<p><!-- Rejtett Impresszum tartalom --><\/p>\n<div id=\"impresszumContent\" style=\"display: none; border: 1px solid #2d2e7f; padding: 20px; margin-top: 20px; font-size: 18px; color: #2d2e7f; line-height: 1.6;\">\n<h3>Impresszum<\/h3>\n<p><strong>Impresszum minta webshopokhoz<\/strong><\/p>\n<p>\u00dczemeltet\u0151 neve: MyNovaMind<br \/>\n\u00dczemeltet\u0151 k\u00e9pvisel\u0151je: Moln\u00e1rn\u00e9 Dr. L\u00e1szl\u00f3 Andrea<br \/>\nSz\u00e9khely: 7041 Vajta \u00e1ti telep 2\/A<br \/>\nPostai c\u00edm: Sz\u00e9kesfeh\u00e9rv\u00e1r, 8000 Husz\u00e1r u 2<br \/>\nTel: +36308686637<br \/>\nE-mail: <a style=\"color: #2d2e7f; text-decoration: none;\" href=\"mailto:infomynovamind@gmail.com\">infomynovamind@gmail.com<\/a><br \/>\nAd\u00f3sz\u00e1m: 74480171-1-27<br \/>\nc\u00e9gjegyz\u00e9ksz\u00e1m: 58275300<br \/>\nNyilv\u00e1ntart\u00f3 hat\u00f3s\u00e1g:<\/p>\n<p>A t\u00e1rhely-szolg\u00e1ltat\u00f3 neve: Forpsi<br \/>\nA t\u00e1rhely-szolg\u00e1ltat\u00f3 c\u00edme: 1096 Budapest, Thaly K\u00e1lm\u00e1n utca 39.<br \/>\nA t\u00e1rhely-szolg\u00e1ltat\u00f3 e-mail c\u00edme: <a style=\"color: #2d2e7f; text-decoration: none;\" href=\"mailto:info@forpsi.hu\">info@forpsi.hu<\/a><br \/>\nA t\u00e1rhely-szolg\u00e1ltat\u00f3 weboldala: support.forpsi.hu, www.forpsi.hu<\/p>\n<h3>Szab\u00e1lyozott szakmai felt\u00e9telek<\/h3>\n<p>A Mynovamind egy Magyarorsz\u00e1gon bejegyzett v\u00e1llalkoz\u00e1s, amely oktat\u00e1si c\u00e9l\u00fa mesters\u00e9ges intelligencia megold\u00e1sok fejleszt\u00e9s\u00e9vel \u00e9s alkalmaz\u00e1s\u00e1val foglalkozik.<br \/>\nTev\u00e9kenys\u00e9g\u00fcnk sor\u00e1n az al\u00e1bbi jogszab\u00e1lyi \u00e9s szakmai felt\u00e9teleknek megfelel\u0151en m\u0171k\u00f6d\u00fcnk:<\/p>\n<ul style=\"margin-left: 20px;\">\n<li>Feln\u0151ttk\u00e9pz\u00e9s: Tev\u00e9kenys\u00e9g\u00fcnk a [megfelel\u0151 t\u00f6rv\u00e9ny vagy rendelet neve, pl. a Feln\u0151ttk\u00e9pz\u00e9si T\u00f6rv\u00e9ny] hat\u00e1lya al\u00e1 tartozik.<\/li>\n<li>Adatv\u00e9delem \u00e9s etika: Az AI alkalmaz\u00e1sai sor\u00e1n kiemelt figyelmet ford\u00edtunk az adatv\u00e9delmi el\u0151\u00edr\u00e1sokra, k\u00fcl\u00f6n\u00f6s tekintettel az EU \u00c1ltal\u00e1nos Adatv\u00e9delmi Rendelet\u00e9re (GDPR).<\/li>\n<li>Pedag\u00f3giai \u00e9s m\u00f3dszertani ir\u00e1nyelvek: Az oktat\u00e1si fejleszt\u00e9seink a nemzetk\u00f6zi \u00e9s hazai pedag\u00f3giai ir\u00e1nyelvek, valamint az AI etikus oktat\u00e1si felhaszn\u00e1l\u00e1s\u00e1ra vonatkoz\u00f3 aj\u00e1nl\u00e1sok figyelembev\u00e9tel\u00e9vel k\u00e9sz\u00fclnek.<\/li>\n<li>Fel\u00fcgyeleti szervek: A feln\u0151ttk\u00e9pz\u00e9si tev\u00e9kenys\u00e9g\u00fcnk a Nemzeti Szakk\u00e9pz\u00e9si \u00e9s Feln\u0151ttk\u00e9pz\u00e9si Hivatal, illetve az Oktat\u00e1si Hivatal nyilv\u00e1ntart\u00e1sa alapj\u00e1n t\u00f6rt\u00e9nik.<\/li>\n<\/ul>\n<\/div>\n<p><script>\n(function(){\n  var btn = document.getElementById('toggleImpresszum');\n  var box = document.getElementById('impresszumContent');\n  if(!btn || !box) return;\n  if(btn.dataset.bound === \"1\") return;\n  btn.dataset.bound = \"1\";<\/p>\n<p>  btn.addEventListener('click', function(){\n    var open = (box.style.display === 'block');\n    box.style.display = open ? 'none' : 'block';\n    btn.textContent = open ? 'Impresszum' : 'Impresszum bez\u00e1r\u00e1sa';\n  });\n})();\n<\/script><\/p>\n<p><!-- ADATKEZEL\u00c9S gomb --><\/p>\n<div style=\"text-align: center; margin-top: 20px;\"><button id=\"toggleAdatkezeles\" style=\"background-color: #2d2e7f; color: white; font-size: 18px; font-weight: bold; padding: 10px 20px; border-radius: 5px; border: none; cursor: pointer;\"><br \/>\nAdatkezel\u00e9si T\u00e1j\u00e9koztat\u00f3<br \/>\n<\/button><\/div>\n<p><!-- Rejtett Adatkezel\u00e9si tartalom --><\/p>\n<div id=\"adatkezelesContent\" style=\"display: none; border: 1px solid #2d2e7f; padding: 20px; margin-top: 20px; font-size: 18px; color: #2d2e7f; line-height: 1.6;\">\n<h3>Adatkezel\u00e9si T\u00e1j\u00e9koztat\u00f3<\/h3>\n<p><strong>Hat\u00e1lyba l\u00e9p\u00e9s d\u00e1tuma:<\/strong> 2024. nov. 1.<\/p>\n<h3>1. Bevezet\u00e9s<\/h3>\n<p>A jelen adatkezel\u00e9si t\u00e1j\u00e9koztat\u00f3 c\u00e9lja, hogy a Mynovamind (a tov\u00e1bbiakban: &#8220;T\u00e1rsas\u00e1g&#8221;) \u00e1ltal kezelt szem\u00e9lyes adatok feldolgoz\u00e1s\u00e1r\u00f3l \u00e9s v\u00e9delm\u00e9r\u0151l \u00e1tfog\u00f3 t\u00e1j\u00e9koztat\u00e1st ny\u00fajtsunk. A T\u00e1rsas\u00e1g kiemelt figyelmet ford\u00edt az \u00e1tl\u00e1that\u00f3s\u00e1gra, az adatbiztons\u00e1gra \u00e9s a hat\u00e1lyos jogszab\u00e1lyoknak val\u00f3 megfelel\u00e9sre, k\u00fcl\u00f6n\u00f6sen a GDPR (Eur\u00f3pai \u00c1ltal\u00e1nos Adatv\u00e9delmi Rendelet 2016\/679) rendelkez\u00e9seire.<\/p>\n<h3>2. Az adatkezel\u0151 adatai<\/h3>\n<ul>\n<li><strong>C\u00e9gn\u00e9v:<\/strong> Mynovamind<\/li>\n<li><strong>Sz\u00e9khely:<\/strong> 7041 Vajta \u00c1ti telep 2\/A<\/li>\n<li><strong>E-mail:<\/strong> <a style=\"color: #c72122; text-decoration: none;\" href=\"mailto:infomynovamind@gmail.com\">infomynovamind@gmail.com<\/a><\/li>\n<li><strong>Weboldal:<\/strong> www.mynovamind.com<\/li>\n<\/ul>\n<h3>3. Milyen adatokat kezel\u00fcnk?<\/h3>\n<ul>\n<li>Kapcsolatfelv\u00e9tel sor\u00e1n: n\u00e9v, e-mail c\u00edm, telefonsz\u00e1m, \u00fczenet tartalma.<\/li>\n<li>H\u00edrlev\u00e9lre t\u00f6rt\u00e9n\u0151 feliratkoz\u00e1skor: n\u00e9v, e-mail c\u00edm.<\/li>\n<li>Regisztr\u00e1ci\u00f3 a platformjainkon: felhaszn\u00e1l\u00f3n\u00e9v, e-mail c\u00edm, jelsz\u00f3, egy\u00e9b opcion\u00e1lis adatok.<\/li>\n<li>Sz\u00e1ml\u00e1z\u00e1shoz kapcsol\u00f3d\u00f3an: n\u00e9v, c\u00e9gn\u00e9v, ad\u00f3sz\u00e1m, sz\u00e1ml\u00e1z\u00e1si c\u00edm.<\/li>\n<li>Kurzushoz: n\u00e9v, e-mail c\u00edm, telefonsz\u00e1m, TAJ sz\u00e1m, ad\u00f3sz\u00e1m, munkahely, lakc\u00edm.<\/li>\n<li>Munkav\u00e1llal\u00f3i adatok: \u00f6n\u00e9letrajz, munkaviszonyhoz kapcsol\u00f3d\u00f3 adatok.<\/li>\n<li>Cookie-k \u00e9s analitikai eszk\u00f6z\u00f6k: IP-c\u00edm, b\u00f6ng\u00e9sz\u00e9si szok\u00e1sok.<\/li>\n<\/ul>\n<h3>4. Az adatkezel\u00e9s c\u00e9lja \u00e9s jogalapja<\/h3>\n<ul>\n<li>Kapcsolatfelv\u00e9tel \u00e9s kommunik\u00e1ci\u00f3: jogos \u00e9rdek, szerz\u0151d\u00e9s teljes\u00edt\u00e9se.<\/li>\n<li>Szolg\u00e1ltat\u00e1sok ny\u00fajt\u00e1sa: szerz\u0151d\u00e9s teljes\u00edt\u00e9se.<\/li>\n<li>Marketing (h\u00edrlev\u00e9l, prom\u00f3ci\u00f3k): hozz\u00e1j\u00e1rul\u00e1s.<\/li>\n<li>Jogi k\u00f6telezetts\u00e9gek teljes\u00edt\u00e9se: pl. sz\u00e1ml\u00e1z\u00e1si adatok meg\u0151rz\u00e9se.<\/li>\n<li>Munkaviszonyhoz kapcsol\u00f3d\u00f3 adatkezel\u00e9s: jogi k\u00f6telezetts\u00e9g, szerz\u0151d\u00e9s teljes\u00edt\u00e9se.<\/li>\n<li>Weboldal m\u0171k\u00f6dtet\u00e9se, biztons\u00e1g: jogos \u00e9rdek.<\/li>\n<\/ul>\n<h3>5. Adatok megoszt\u00e1sa harmadik f\u00e9llel<\/h3>\n<ul>\n<li>Szolg\u00e1ltat\u00f3k: Pl. t\u00e1rhelyszolg\u00e1ltat\u00f3, e-mail k\u00fcld\u0151 rendszer, FAR rendszer, PIR rendszer.<\/li>\n<li>Jogszab\u00e1lyi k\u00f6telezetts\u00e9g: Ha hat\u00f3s\u00e1g vagy b\u00edr\u00f3s\u00e1g erre k\u00f6telez minket.<\/li>\n<\/ul>\n<p>Nem adjuk el vagy adjuk \u00e1t adatait harmadik f\u00e9lnek marketing c\u00e9lb\u00f3l az \u00d6n hozz\u00e1j\u00e1rul\u00e1sa n\u00e9lk\u00fcl.<\/p>\n<h3>6. Adatmeg\u0151rz\u00e9si id\u0151tartam<\/h3>\n<ul>\n<li>Kapcsolatfelv\u00e9tel: A megkeres\u00e9s megv\u00e1laszol\u00e1s\u00e1t k\u00f6vet\u0151 30 napon bel\u00fcl t\u00f6rl\u00e9s, kiv\u00e9ve, ha tov\u00e1bbi kapcsolattart\u00e1s sz\u00fcks\u00e9ges.<\/li>\n<li>H\u00edrlev\u00e9l: Am\u00edg le nem iratkozik.<\/li>\n<li>S\u00fctik: A s\u00fcti t\u00edpus\u00e1t\u00f3l f\u00fcgg.<\/li>\n<\/ul>\n<h3>7. Az \u00d6n jogai<\/h3>\n<ul>\n<li>Hozz\u00e1f\u00e9r\u00e9si jog<\/li>\n<li>Helyesb\u00edt\u00e9si jog<\/li>\n<li>T\u00f6rl\u00e9si jog<\/li>\n<li>Korl\u00e1toz\u00e1si jog<\/li>\n<li>Adathordozhat\u00f3s\u00e1gi jog<\/li>\n<li>Tiltakoz\u00e1si jog<\/li>\n<li>Hozz\u00e1j\u00e1rul\u00e1s visszavon\u00e1sa<\/li>\n<\/ul>\n<p>Kapcsolat: <a style=\"color: #c72122; text-decoration: none;\" href=\"mailto:infomynovamind@gmail.com\">infomynovamind@gmail.com<\/a><\/p>\n<h3>8. Adatbiztons\u00e1g<\/h3>\n<p>Megfelel\u0151 technikai \u00e9s szervez\u00e9si int\u00e9zked\u00e9seket alkalmazunk (pl. hozz\u00e1f\u00e9r\u00e9s-korl\u00e1toz\u00e1s), de az internetes adat\u00e1tvitel nem garant\u00e1lhat\u00f3 teljes biztons\u00e1ggal.<\/p>\n<h3>9. Panasz beny\u00fajt\u00e1sa<\/h3>\n<ul>\n<li>Nemzeti Adatv\u00e9delmi \u00e9s Inform\u00e1ci\u00f3szabads\u00e1g Hat\u00f3s\u00e1g (NAIH)<\/li>\n<li>C\u00edm: 1055 Budapest, Falk Miksa utca 9-11.<\/li>\n<li>E-mail: <a style=\"color: #c72122; text-decoration: none;\" href=\"mailto:ugyfelszolgalat@naih.hu\">ugyfelszolgalat@naih.hu<\/a><\/li>\n<\/ul>\n<h3>10. Friss\u00edt\u00e9sek<\/h3>\n<p>A legfrissebb v\u00e1ltozat el\u00e9rhet\u0151: <a style=\"color: #c72122; text-decoration: none;\" href=\"https:\/\/mynovamind.com\/hu\/\" target=\"_blank\" rel=\"noopener\">www.mynovamind.com<\/a><\/p>\n<h3>11. Kapcsolat<\/h3>\n<ul>\n<li>E-mail: <a style=\"color: #c72122; text-decoration: none;\" href=\"mailto:infomynovamind@gmail.com\">infomynovamind@gmail.com<\/a><\/li>\n<li>Telefon: +36308686637<\/li>\n<\/ul>\n<\/div>\n<p><script>\n(function(){\n  var btn = document.getElementById('toggleAdatkezeles');\n  var box = document.getElementById('adatkezelesContent');\n  if(!btn || !box) return;\n  if(btn.dataset.bound === \"1\") return;\n  btn.dataset.bound = \"1\";<\/p>\n<p>  btn.addEventListener('click', function(){\n    var open = (box.style.display === 'block');\n    box.style.display = open ? 'none' : 'block';\n    btn.textContent = open ? 'Adatkezel\u00e9si T\u00e1j\u00e9koztat\u00f3' : 'Adatkezel\u00e9si T\u00e1j\u00e9koztat\u00f3 bez\u00e1r\u00e1sa';\n  });\n})();\n<\/script><br \/>\n<!-- \u00c1SZF gomb --><\/p>\n<div style=\"text-align: center; margin-top: 20px;\"><button id=\"toggleAszf\" style=\"background-color: #2d2e7f; color: white; font-size: 18px; font-weight: bold; padding: 10px 20px; border-radius: 5px; border: none; cursor: pointer;\"><br \/>\n\u00c1SZF<br \/>\n<\/button><\/div>\n<p><!-- Rejtett \u00c1SZF tartalom --><\/p>\n<div id=\"aszfContent\" style=\"display: none; border: 1px solid #c72122; padding: 20px; margin-top: 20px; font-size: 18px; color: #2d2e7f; line-height: 1.6;\">\n<h3>\u00c1SZF<\/h3>\n<p>A jelen \u00c1ltal\u00e1nos Szerz\u0151d\u00e9si Felt\u00e9telek (a tov\u00e1bbiakban: \u00c1SZF) tartalmazza a<br \/>\n<a style=\"color: #c72122; text-decoration: none;\" href=\"https:\/\/mynovamind.com\/hu\/\" target=\"_blank\" rel=\"noopener\">https:\/\/mynovamind.com<\/a><br \/>\nweboldalon el\u00e9rhet\u0151 szolg\u00e1ltat\u00e1sok ig\u00e9nybev\u00e9tel\u00e9nek felt\u00e9teleit.<\/p>\n<p>A Felhaszn\u00e1l\u00f3 a MyNovaMind (k\u00e9pviseli: Moln\u00e1rn\u00e9 Dr. L\u00e1szl\u00f3 Andrea, tov\u00e1bbiakban: Szolg\u00e1ltat\u00f3) weboldal\u00e1nak haszn\u00e1lat\u00e1val elfogadja jelen \u00c1SZF-et \u00e9s az Adatv\u00e9delmi \u00e9s Adatkezel\u00e9si T\u00e1j\u00e9koztat\u00f3t.<\/p>\n<h3>A Szolg\u00e1ltat\u00f3 adatai<\/h3>\n<p>N\u00e9v: MyNovaMind<br \/>\nK\u00e9pvisel\u0151: Moln\u00e1rn\u00e9 Dr. L\u00e1szl\u00f3 Andrea<br \/>\nAd\u00f3sz\u00e1m: 74480171127<br \/>\nC\u00e9gjegyz\u00e9ksz\u00e1m: 58275300<br \/>\nSz\u00e9khely: 7041, Vajta \u00c1ti telep 2\/A<br \/>\nE-mail: <a style=\"color: #c72122; text-decoration: none;\" href=\"mailto:infomynovamind@gmail.com\">infomynovamind@gmail.com<\/a><br \/>\nWeboldal: <a style=\"color: #c72122; text-decoration: none;\" href=\"https:\/\/mynovamind.com\/hu\/\" target=\"_blank\" rel=\"noopener\">https:\/\/mynovamind.com<\/a><br \/>\nTelefon: +36 30 8686637<\/p>\n<h3>Weboldalon folytatott tev\u00e9kenys\u00e9g<\/h3>\n<p>A Szolg\u00e1ltat\u00f3 mesters\u00e9ges intelligenci\u00e1val kapcsolatos oktat\u00e1si kurzusokat, szakmai anyagokat \u00e9rt\u00e9kes\u00edt, valamint m\u00f3dszertani k\u00f6nyveket ny\u00fajt.<br \/>\nIngyenes vagy d\u00edjfizet\u00e9s ellen\u00e9ben let\u00f6lthet\u0151 seg\u00e9danyagokat, blogcikkeket is publik\u00e1l.<\/p>\n<h3>Jelentkez\u00e9s \u00e9s fizet\u00e9s<\/h3>\n<p>A Felhaszn\u00e1l\u00f3 a jelentkez\u00e9si lap kit\u00f6lt\u00e9s\u00e9vel \u00e9s a \u201eJelentkez\u00e9s\u201d gombra kattint\u00e1ssal elfogadja az aj\u00e1nlatot, amely fizet\u00e9si k\u00f6telezetts\u00e9get von maga ut\u00e1n.<\/p>\n<p><strong>Visszal\u00e9p\u00e9s felt\u00e9telei:<\/strong><br \/>\na kurzus kezd\u00e9s\u00e9t\u0151l sz\u00e1m\u00edtott 15 napon bel\u00fcli visszal\u00e9p\u00e9s eset\u00e9n a kurzus d\u00edj\u00e1nak 20%-a fizetend\u0151;<br \/>\n10 napon bel\u00fcli visszal\u00e9p\u00e9s eset\u00e9n 75%-a fizetend\u0151;<br \/>\n2 napon bel\u00fcli visszal\u00e9p\u00e9s eset\u00e9n a d\u00edj 100%-a fizetend\u0151.<\/p>\n<p>Technikai felt\u00e9telek: sz\u00e1m\u00edt\u00f3g\u00e9p, mikrofon, kamera, internetkapcsolat.<\/p>\n<h3>Egy\u00e9b rendelkez\u00e9sek<\/h3>\n<p>A Szolg\u00e1ltat\u00f3 weboldal\u00e1n \u00e9s k\u00f6z\u00f6ss\u00e9gi oldalain tal\u00e1lhat\u00f3 tartalom szerz\u0151i jogv\u00e9delem alatt \u00e1ll, \u00fczleti c\u00e9l\u00fa felhaszn\u00e1l\u00e1sa csak enged\u00e9llyel lehets\u00e9ges.<br \/>\nEnged\u00e9ly n\u00e9lk\u00fcli m\u00e1sol\u00e1s eset\u00e9n m\u00e1solt oldalank\u00e9nt 200.000 Ft\/h\u00f3 k\u00f6tb\u00e9rt \u00e9rv\u00e9nyes\u00edt.<\/p>\n<h3>Panaszkezel\u00e9s, jog\u00e9rv\u00e9nyes\u00edt\u00e9s<\/h3>\n<p>A panaszt a Szolg\u00e1ltat\u00f3 30 napon bel\u00fcl megv\u00e1laszolja.<\/p>\n<p><strong>Jogvita eset\u00e9n a Felhaszn\u00e1l\u00f3 fordulhat:<\/strong><\/p>\n<ul>\n<li>fogyaszt\u00f3v\u00e9delmi hat\u00f3s\u00e1ghoz<\/li>\n<li>b\u00e9k\u00e9ltet\u0151 test\u00fclethez<\/li>\n<li>uni\u00f3s online vitarendez\u00e9si platformhoz<\/li>\n<li>b\u00edr\u00f3s\u00e1ghoz<\/li>\n<\/ul>\n<p>Jelen \u00c1SZF hat\u00e1lyos 2024. m\u00e1rcius 10-t\u0151l visszavon\u00e1sig.<\/p>\n<\/div>\n<p><script>\n(function(){\n  var btn = document.getElementById('toggleAszf');\n  var box = document.getElementById('aszfContent');\n  if(!btn || !box) return;\n  if(btn.dataset.bound === \"1\") return;\n  btn.dataset.bound = \"1\";<\/p>\n<p>  btn.addEventListener('click', function(){\n    var open = (box.style.display === 'block');\n    box.style.display = open ? 'none' : 'block';\n    btn.textContent = open ? '\u00c1SZF' : '\u00c1SZF bez\u00e1r\u00e1sa';\n  });\n})();\n<\/script><\/p>\n<\/div>","protected":false},"excerpt":{"rendered":"<p>A Mynovamind \u00e1ltal k\u00edn\u00e1lt 60 \u00f3r\u00e1s kurzus egy \u00e1tfog\u00f3 \u00e9s innovat\u00edv k\u00e9pz\u00e9s, amely m\u00e9lyrehat\u00f3an foglalkozik a mesters\u00e9ges intelligencia (MI) oktat\u00e1sban val\u00f3 alkalmaz\u00e1s\u00e1nak sz\u00e9les spektrum\u00e1val. A kurzus c\u00e9lja, hogy a r\u00e9sztvev\u0151k \u00e1tfog\u00f3 tud\u00e1st szerezzenek az MI oktat\u00e1si lehet\u0151s\u00e9geir\u0151l, bele\u00e9rtve a tan\u00e1ri munka t\u00e1mogat\u00e1s\u00e1t, a kompetenciafejleszt\u00e9st, a p\u00e1lyaorient\u00e1ci\u00f3t, k\u00fcl\u00f6nb\u00f6z\u0151 feladat- \u00e9s projektt\u00edpusokat, valamint a tehets\u00e9ggondoz\u00e1s k\u00fcl\u00f6nb\u00f6z\u0151 aspektusait.<br \/>\n <a href=\"http:\/\/mynovamind.com\/hu\/termek\/mesterseges-intelligencia-az-oktatasban-60-oras-akkreditalt-tovabbkepzes\/\">Regisztr\u00e1lj most!<\/a><\/p>","protected":false},"author":1,"featured_media":5882,"template":"","meta":{"_acf_changed":false,"_eb_attr":"","pmpro_default_level":"","_price":"","_stock":"","_tribe_ticket_header":"","_tribe_default_ticket_provider":"TEC\\Tickets\\Commerce\\Module","_ticket_start_date":"","_ticket_end_date":"","_tribe_ticket_show_description":"","_tribe_ticket_show_not_going":false,"_tribe_ticket_use_global_stock":"","_tribe_ticket_global_stock_level":"","_global_stock_mode":"","_global_stock_cap":"","_tribe_rsvp_for_event":"","_tribe_ticket_going_count":"","_tribe_ticket_not_going_count":"","_tribe_tickets_list":"[]","_tribe_ticket_has_attendee_info_fields":false,"_tribe_events_status":"","_tribe_events_status_reason":"","footnotes":"","_tec_slr_enabled":"","_tec_slr_layout":""},"tags":[],"tribe_events_cat":[],"class_list":["post-4449","tribe_events","type-tribe_events","status-publish","has-post-thumbnail","hentry","pmpro-has-access"],"acf":[],"ticketed":false,"_links":{"self":[{"href":"https:\/\/mynovamind.com\/hu\/wp-json\/wp\/v2\/tribe_events\/4449","targetHints":{"allow":["GET"]}}],"collection":[{"href":"https:\/\/mynovamind.com\/hu\/wp-json\/wp\/v2\/tribe_events"}],"about":[{"href":"https:\/\/mynovamind.com\/hu\/wp-json\/wp\/v2\/types\/tribe_events"}],"author":[{"embeddable":true,"href":"https:\/\/mynovamind.com\/hu\/wp-json\/wp\/v2\/users\/1"}],"version-history":[{"count":115,"href":"https:\/\/mynovamind.com\/hu\/wp-json\/wp\/v2\/tribe_events\/4449\/revisions"}],"predecessor-version":[{"id":8271,"href":"https:\/\/mynovamind.com\/hu\/wp-json\/wp\/v2\/tribe_events\/4449\/revisions\/8271"}],"wp:featuredmedia":[{"embeddable":true,"href":"https:\/\/mynovamind.com\/hu\/wp-json\/wp\/v2\/media\/5882"}],"wp:attachment":[{"href":"https:\/\/mynovamind.com\/hu\/wp-json\/wp\/v2\/media?parent=4449"}],"wp:term":[{"taxonomy":"post_tag","embeddable":true,"href":"https:\/\/mynovamind.com\/hu\/wp-json\/wp\/v2\/tags?post=4449"},{"taxonomy":"tribe_events_cat","embeddable":true,"href":"https:\/\/mynovamind.com\/hu\/wp-json\/wp\/v2\/tribe_events_cat?post=4449"}],"curies":[{"name":"wp","href":"https:\/\/api.w.org\/{rel}","templated":true}]}}